{"id":2,"date":"2021-11-08T14:29:09","date_gmt":"2021-11-08T14:29:09","guid":{"rendered":"https:\/\/rse.is\/?page_id=2"},"modified":"2023-10-13T22:55:08","modified_gmt":"2023-10-13T22:55:08","slug":"um-rse","status":"publish","type":"page","link":"https:\/\/rse.is\/index.php\/um-rse\/","title":{"rendered":"Um RSE"},"content":{"rendered":"\n<p><strong>Upphaf<\/strong><br>RSE, ranns\u00f3knarmi\u00f0st\u00f6\u00f0 um samf\u00e9lags- og efnahagsm\u00e1l, var stofnu\u00f0 hausti\u00f0 2004 af Ragnari \u00c1rnasyni pr\u00f3fessor, Birgi \u00de\u00f3r Run\u00f3lfssyni d\u00f3sent, J\u00f3hanni J. \u00d3lafssyni st\u00f3rkaupmanni, J\u00f3nasi Haralz fyrrverandi bankastj\u00f3ra, og Birgi Tj\u00f6rva P\u00e9turssyni h\u00e9ra\u00f0sd\u00f3msl\u00f6gmanni.&nbsp;<\/p>\n\n\n\n<p><strong>Markmi\u00f0<\/strong>&nbsp;<br>Markmi\u00f0 RSE er a\u00f0 auka skilning \u00e1 mikilv\u00e6gi frj\u00e1lsra vi\u00f0skipta og eignar\u00e9ttinda fyrir l\u00fd\u00f0r\u00e6\u00f0islegt og frams\u00e6ki\u00f0 \u00fej\u00f3\u00f0f\u00e9lag og hyggst n\u00e1 markmi\u00f0um s\u00ednum me\u00f0 ranns\u00f3knum, fr\u00e6\u00f0slu, \u00fatg\u00e1fu, r\u00e1\u00f0stefnum og annarri starfsemi.&nbsp;<\/p>\n\n\n\n<p><strong>Sj\u00e1lfst\u00e6\u00f0i<\/strong>&nbsp;<br>RSE er sj\u00e1lfst\u00e6\u00f0 og \u00f3h\u00e1\u00f0 stofnun. H\u00fan er ekki bundin vi\u00f0 stj\u00f3rnm\u00e1laflokka, einst\u00f6k frambo\u00f0 e\u00f0a hagsmunasamt\u00f6k. RSE \u00feiggur ekki fj\u00e1rframl\u00f6g fr\u00e1 r\u00edki e\u00f0a sveitarf\u00e9l\u00f6gum, heldur er rekin fyrir frj\u00e1ls framl\u00f6g einstaklinga og fyrirt\u00e6kja.&nbsp;<\/p>\n\n\n\n<p><strong>Rekstrarform<\/strong>&nbsp;<br>RSE er sj\u00e1lfseignarstofnun, sem er ekki rekin \u00ed hagna\u00f0arskyni. H\u00fan starfar eftir skipulagsskr\u00e1, sta\u00f0festri af d\u00f3msm\u00e1lar\u00e1\u00f0herra, sbr. l\u00f6g nr. 19\/1988 um sj\u00e1lfseignarstofnanir.&nbsp;<\/p>\n\n\n\n<p><strong>Stj\u00f3rnskipulag<\/strong>&nbsp;<br>Fulltr\u00faar\u00e1\u00f0 RSE fer me\u00f0 \u00e6\u00f0sta vald um eignir, fj\u00e1rhag og rekstur stofnunarinnar. \u00dea\u00f0 er skipa\u00f0 einstaklingum \u00far \u00fdmsum \u00e1ttum, einkum \u00far atvinnul\u00edfinu, 5 hi\u00f0 minnsta og 30 hi\u00f0 mesta. Ranns\u00f3knarr\u00e1\u00f0 RSE fer me\u00f0 \u00e6\u00f0sta vald um \u00feau verkefni sem r\u00e1\u00f0ist er \u00ed \u00e1 vegum stofnunarinnar \u00ed \u00fe\u00e1gu markmi\u00f0a hennar. Ranns\u00f3knarr\u00e1\u00f0i\u00f0 er skipa\u00f0 fr\u00e6\u00f0im\u00f6nnum \u00ed fremstu r\u00f6\u00f0, 5 hi\u00f0 minnsta en 20 hi\u00f0 mesta. Stj\u00f3rn RSE annast rekstur hennar. \u00cd stj\u00f3rninni sitja forma\u00f0ur, varaforma\u00f0ur og gjaldkeri fulltr\u00faar\u00e1\u00f0sins \u00e1samt formanni og varaformanni ranns\u00f3knarr\u00e1\u00f0s. <\/p>\n\n\n\n<p><strong>Stj\u00f3rn RSE skipa:<\/strong>\u00a0Halld\u00f3r Benjam\u00edn \u00deorbergsson forma\u00f0ur fulltr\u00faar\u00e1\u00f0s, Halla Sigr\u00fan Mathiesen, Ragnar \u00c1rnason forma\u00f0ur ranns\u00f3knarr\u00e1\u00f0s, Birgir \u00de\u00f3r Run\u00f3lfsson varaforma\u00f0ur ranns\u00f3knarr\u00e1\u00f0s og Einar Sigur\u00f0sson. <\/p>\n\n\n\n<p><\/p>\n\n\n\n<p><strong>Centre for Social and Economic Research (RSE)<\/strong><\/p>\n\n\n\n<p>RSE is an independent research centre which seeks to further the understanding of property rights and free trade in a progressive and democratic society. RSE is a non-profit organization in accordance with the Icelandic legal statue no. 19\/1988.<\/p>\n\n\n\n<p><strong>Board<\/strong>\u00a0Halld\u00f3r Benjam\u00edn \u00deorbergsson, Halla Sigr\u00fan Mathiesen, Einar Sigur\u00f0sson, Ragnar \u00c1rnason and Birgir\u00a0\u00de\u00f3r Run\u00f3lfsson. <\/p>\n\n\n\n<p><\/p>\n","protected":false},"excerpt":{"rendered":"<p>UpphafRSE, ranns\u00f3knarmi\u00f0st\u00f6\u00f0 um samf\u00e9lags- og efnahagsm\u00e1l, var stofnu\u00f0 hausti\u00f0 2004 af Ragnari \u00c1rnasyni pr\u00f3fessor, Birgi \u00de\u00f3r Run\u00f3lfssyni d\u00f3sent, J\u00f3hanni J. \u00d3lafssyni st\u00f3rkaupmanni, J\u00f3nasi Haralz fyrrverandi bankastj\u00f3ra, og Birgi Tj\u00f6rva P\u00e9turssyni h\u00e9ra\u00f0sd\u00f3msl\u00f6gmanni.&nbsp; Markmi\u00f0&nbsp;Markmi\u00f0 RSE er a\u00f0 auka skilning \u00e1 mikilv\u00e6gi frj\u00e1lsra vi\u00f0skipta og eignar\u00e9ttinda fyrir l\u00fd\u00f0r\u00e6\u00f0islegt og frams\u00e6ki\u00f0 \u00fej\u00f3\u00f0f\u00e9lag og hyggst n\u00e1 markmi\u00f0um s\u00ednum me\u00f0 ranns\u00f3knum, [&hellip;]<\/p>\n","protected":false},"author":1,"featured_media":0,"parent":0,"menu_order":0,"comment_status":"closed","ping_status":"open","template":"","meta":{"om_disable_all_campaigns":false,"_monsterinsights_skip_tracking":false,"_monsterinsights_sitenote_active":false,"_monsterinsights_sitenote_note":"","_monsterinsights_sitenote_category":0,"_uf_show_specific_survey":0,"_uf_disable_surveys":false,"footnotes":""},"class_list":["post-2","page","type-page","status-publish","hentry"],"blocksy_meta":{"styles_descriptor":{"styles":{"desktop":"","tablet":"","mobile":""},"google_fonts":[],"version":6}},"aioseo_notices":[],"brizy_media":[],"_links":{"self":[{"href":"https:\/\/rse.is\/index.php\/wp-json\/wp\/v2\/pages\/2","targetHints":{"allow":["GET"]}}],"collection":[{"href":"https:\/\/rse.is\/index.php\/wp-json\/wp\/v2\/pages"}],"about":[{"href":"https:\/\/rse.is\/index.php\/wp-json\/wp\/v2\/types\/page"}],"author":[{"embeddable":true,"href":"https:\/\/rse.is\/index.php\/wp-json\/wp\/v2\/users\/1"}],"replies":[{"embeddable":true,"href":"https:\/\/rse.is\/index.php\/wp-json\/wp\/v2\/comments?post=2"}],"version-history":[{"count":15,"href":"https:\/\/rse.is\/index.php\/wp-json\/wp\/v2\/pages\/2\/revisions"}],"predecessor-version":[{"id":1098,"href":"https:\/\/rse.is\/index.php\/wp-json\/wp\/v2\/pages\/2\/revisions\/1098"}],"wp:attachment":[{"href":"https:\/\/rse.is\/index.php\/wp-json\/wp\/v2\/media?parent=2"}],"curies":[{"name":"wp","href":"https:\/\/api.w.org\/{rel}","templated":true}]}}